{"id":931,"date":"2017-04-07T16:01:48","date_gmt":"2017-04-07T14:01:48","guid":{"rendered":"http:\/\/ligeka.de\/?page_id=931"},"modified":"2017-12-16T21:14:27","modified_gmt":"2017-12-16T20:14:27","slug":"chronik-des-ligeka","status":"publish","type":"page","link":"https:\/\/ligeka.de\/?page_id=931","title":{"rendered":"Chronik des LiGeKa"},"content":{"rendered":"<p><span style=\"color: #00ac00;\"><span style=\"font-family: Arial, Helvetica, sans-serif;\"><span style=\"font-size: xx-large;\"><b>Aus der Vereinsgeschichte des LiGeKa<\/b><\/span><\/span><\/span><\/p>\n<p><span style=\"color: #c00000;\"><span style=\"font-family: Arial, sans-serif;\"><b><span style=\"color: #ff3333;\">9. M\u00e4rz 1952<\/span>\u00a0<\/b><\/span><\/span><\/p>\n<p><span style=\"font-family: Arial, sans-serif;\"><b>Erste Besprechung mit dem Ziel in Lisdorf einen Karnevalsverein zu gr\u00fcnden\u00a0<\/b><\/span><\/p>\n<p>&nbsp;<\/p>\n<p><span style=\"color: #c00000;\"><span style=\"font-family: Arial, sans-serif;\"><b><span style=\"color: #ff3333;\">23. M\u00e4rz 1952<\/span>\u00a0<\/b><\/span><\/span><\/p>\n<p><span style=\"font-family: Arial, sans-serif;\"><b>Gr\u00fcndungsversammlung\u00a0<\/b><\/span><\/p>\n<p><span style=\"font-family: Arial, sans-serif;\"><b>14 Personen nehmen an der Versammlung teil. Der Verein erh\u00e4lt den Namen Lisdorfer Gesellschafts- und Karnevalsverein. Zum 1. Vorsitzenden wird Gottfried Schneider+ gew\u00e4hlt.\u00a0<\/b><\/span><\/p>\n<p>&nbsp;<\/p>\n<p><span style=\"color: #c00000;\"><span style=\"font-family: Arial, sans-serif;\"><b><span style=\"color: #ff3333;\">1953<\/span>\u00a0<\/b><\/span><\/span><\/p>\n<p><span style=\"font-family: Arial, sans-serif;\"><b>Der LIGEKA veranstaltet mit Fritz K\u00fchn+ als Elferratspr\u00e4sident seine erste Kappensitzung. Bereits diese Sitzung wird mit eigenen Akteuren und einer eigenen Garde gestaltet. Die Garde stand bis zur Session 1966\/67 unter der Leitung von Franz Algier.\u00a0<\/b><\/span><\/p>\n<p>&nbsp;<\/p>\n<p><span style=\"color: #ff3333;\"><span style=\"font-family: Arial, sans-serif;\"><b>1953\/54\u00a0<\/b><\/span><\/span><\/p>\n<p><span style=\"font-family: Arial, sans-serif;\"><b>Der LIGEKA organisiert am Fastnachtsdienstag in Lisdorf einen Fastnachtsumzug.\u00a0<\/b><\/span><\/p>\n<p>&nbsp;<\/p>\n<p><span style=\"color: #c00000;\"><span style=\"font-family: Arial, sans-serif;\"><b><span style=\"color: #ff3333;\">1954<\/span>\u00a0<\/b><\/span><\/span><\/p>\n<p><span style=\"font-family: Arial, sans-serif;\"><b>LIGEKA Akteure gestalten das Programm von Karnevalsveranstaltungen in der n\u00e4heren und weiteren Umgebung. Sogar im Gro\u00dfherzogtum Luxemburg werden die LIGEKAner aktiv. In diesem und im folgenden Jahr werden die Kappensitzungen von einem Damenelferrat geleitet.\u00a0<\/b><\/span><\/p>\n<p>&nbsp;<\/p>\n<p><span style=\"color: #c00000;\"><span style=\"font-family: Arial, sans-serif;\"><b><span style=\"color: #ff3333;\">1956<\/span>\u00a0<\/b><\/span><\/span><\/p>\n<p><span style=\"font-family: Arial, sans-serif;\"><b>Erstmals veranstaltet der LIGEKA am Rosenmontag ein Kinder-Kost\u00fcmfest.\u00a0\u00a0<\/b><\/span><\/p>\n<p>&nbsp;<\/p>\n<p><span style=\"color: #c00000;\"><span style=\"font-family: Arial, sans-serif;\"><b><span style=\"color: #ff3333;\">1959<\/span>\u00a0<\/b><\/span><\/span><\/p>\n<p><span style=\"font-family: Arial, sans-serif;\"><b>Die 4 Saarlouiser Karnevalsvereine (Hirle, KAFRA, Rodeka und LIGEKA) veranstalten im Saalbau in Saarlouis eine erste gemeinsame Kappensitzung. Diese Veranstaltung war der Vorl\u00e4ufer zu den sp\u00e4ter durchgef\u00fchrten Gemeinschaftssitzungen.\u00a0<\/b><\/span><\/p>\n<p>&nbsp;<\/p>\n<p><span style=\"color: #c00000;\"><span style=\"font-family: Arial, sans-serif;\"><b><span style=\"color: #ff3333;\">1967<\/span>\u00a0<\/b><\/span><\/span><\/p>\n<p><span style=\"font-family: Arial, sans-serif;\"><b>Ab diesem Jahr nimmt der Verein an allen von der Stadt Saarlouis organisierten Karnevalsveranstaltungen teil. Frau Anni Petzel \u00fcbernimmt des Training der Garde. Bis 1971 steht die Garde unter ihrer Leitung.\u00a0<\/b><\/span><\/p>\n<p>&nbsp;<\/p>\n<p><span style=\"color: #ff3333;\"><span style=\"font-family: Arial, sans-serif;\"><b>1971\u00a0<\/b><\/span><\/span><\/p>\n<p><span style=\"font-family: Arial, sans-serif;\"><b>Unter der Leitung von Feldmarschall Alfred Schwind hat der Verein die Federf\u00fchrung bei Rathauserst\u00fcrmung. Die Kindergarde wird gegr\u00fcndet. Frau Anneliese Rullang leitet von 1971 bis 1977 das Gardetraining.\u00a0<\/b><\/span><\/p>\n<p>&nbsp;<\/p>\n<p><span style=\"color: #ff3333;\"><span style=\"font-family: Arial, sans-serif;\"><b>1973\u00a0<\/b><\/span><\/span><\/p>\n<p><span style=\"font-family: Arial, sans-serif;\"><b>1. Gemeinsame Kappensitzung aller Saarlouiser Karnevalsvereine\u00a0<\/b><\/span><\/p>\n<p>&nbsp;<\/p>\n<p><span style=\"color: #c00000;\"><span style=\"font-family: Arial, sans-serif;\"><b><span style=\"color: #ff3333;\">1973\/1974<\/span>\u00a0<\/b><\/span><\/span><\/p>\n<p><span style=\"font-family: Arial, sans-serif;\"><b>In dieser Session feiert man 2 x 11 Jahre LIGEKA\u00a0<\/b><\/span><\/p>\n<p>&nbsp;<\/p>\n<p><span style=\"color: #c00000;\"><span style=\"font-family: Arial, sans-serif;\"><b><span style=\"color: #ff3333;\">1977<\/span>\u00a0<\/b><\/span><\/span><\/p>\n<p><span style=\"font-family: Arial, sans-serif;\"><b>Gro\u00dfe Jubil\u00e4umssitzung zum 25 j\u00e4hrigen Bestehens des Vereines, bei der mehrere Mitglieder f\u00fcr 25 j\u00e4hrige Mitgliedschaft geehrt werden k\u00f6nnen. Nach 10 Jahren als Elferratspr\u00e4sident stellt Ewald Rullang aus beruflichen Gr\u00fcnden sein Amt zur Verf\u00fcgung. Neue Trainerin der Garde wird Christel Kiefer. unter ihrer Leitung nimmt die Garde erstmals am Gardetanzturnier des Verbandes Saarl\u00e4ndischer Karnevalsvereine teil.\u00a0<\/b><\/span><\/p>\n<p>&nbsp;<\/p>\n<p><span style=\"color: #c00000;\"><span style=\"font-family: Arial, sans-serif;\"><b><span style=\"color: #ff3333;\">1978<\/span>\u00a0<\/b><\/span><\/span><\/p>\n<p><span style=\"font-family: Arial, sans-serif;\"><b>Alfred Schwind wird Elferratspr\u00e4sident\u00a0<\/b><\/span><\/p>\n<p>&nbsp;<\/p>\n<p><span style=\"color: #c00000;\"><span style=\"font-family: Arial, sans-serif;\"><b><span style=\"color: #ff3333;\">1979<\/span>\u00a0<\/b><\/span><\/span><\/p>\n<p><span style=\"font-family: Arial, sans-serif;\"><b>Hans Hamacher leitet als Elferratspr\u00e4sident erstmals die Kappen-Sitzung des LIGEKA. Die Garde wird Vizemeister im Garde- und Schautanz.\u00a0<\/b><\/span><\/p>\n<p>&nbsp;<\/p>\n<p><span style=\"color: #c00000;\"><span style=\"font-family: Arial, sans-serif;\"><b><span style=\"color: #ff3333;\">1980<\/span>\u00a0<\/b><\/span><\/span><\/p>\n<p><span style=\"font-family: Arial, sans-serif;\"><b>Der bisherige Gesch\u00e4ftsf\u00fchrer Werner Beck wird zum 1. Vors. gew\u00e4hlt. Der bisherige 1. Vorsitzende Alfred Schwind wird zum Ehrenvorsitzenden ernannt. Die Garde des LIGEKA gewinnt mit ihrem Schautanz das verbands-offene Turnier in Karlsruhe und qualifizierte sich erstmals f\u00fcr die Deutsche Meisterschaft. Die Garde wird beim VSK Turnier in Klarenthal 2-facher Saarlandmeister. Die Juniorengarde wird gegr\u00fcndet.\u00a0<\/b><\/span><\/p>\n<p>&nbsp;<\/p>\n<p><span style=\"color: #ff3333;\"><span style=\"font-family: Arial, sans-serif;\"><b>1981\u00a0<\/b><\/span><\/span><\/p>\n<p><span style=\"font-family: Arial, sans-serif;\"><b>Die Garde gewinnt erneut das verbandsoffene Turnier in Karlsruhe.\u00a0<\/b><\/span><\/p>\n<p>&nbsp;<\/p>\n<p><span style=\"color: #ff3333;\"><span style=\"font-family: Arial, sans-serif;\"><b>1982\u00a0<\/b><\/span><\/span><\/p>\n<p><span style=\"font-family: Arial, sans-serif;\"><b>Steffi Subrizi \u00fcbernimmt das Training der Kinder- und Juniorengarde\u00a0<\/b><\/span><\/p>\n<p>&nbsp;<\/p>\n<p><span style=\"color: #ff3333;\"><span style=\"font-family: Arial, sans-serif;\"><b>1983\/1984\u00a0<\/b><\/span><\/span><\/p>\n<p><span style=\"font-family: Arial, sans-serif;\"><b>Dem LIGEKA obliegt die Federf\u00fchrung bei den gesamtst\u00e4dtischen Karnevalsveranstaltungen. Elferratspr\u00e4sident Hans Hamacher leitet die Altennachmittage. Erwin Faust, ein langj\u00e4hriger Akteur des LIGEKA, leitet die Gemeinschaftssitzung der Saarlouiser Karnevalsvereine. Ulrike Freitag wird neue Trainerin der Kinder- und Juniorengarde. Hedi Naumann \u00fcbernimmt die Betreuung dieser Garden. <\/b><\/span><\/p>\n<p><span style=\"color: #ff3333;\"><span style=\"font-family: Arial, sans-serif;\"><b>1984\/1985\u00a0<\/b><\/span><\/span><\/p>\n<p><span style=\"font-family: Arial, sans-serif;\"><b>Mit einem umfangreichen Festprogramm feiert man 3 x 11 Jahre LIGEKA\u00a0<\/b><\/span><\/p>\n<p>&nbsp;<\/p>\n<p><span style=\"color: #ff3333;\"><span style=\"font-family: Arial, sans-serif;\"><b>1986\u00a0<\/b><\/span><\/span><\/p>\n<p><span style=\"font-family: Arial, sans-serif;\"><b>Evi Philippi und Erwin Faust leiten gemeinsam die Kappensitzung\u00a0<\/b><\/span><\/p>\n<p>&nbsp;<\/p>\n<p><span style=\"color: #ff3333;\"><span style=\"font-family: Arial, sans-serif;\"><b>1987\u00a0<\/b><\/span><\/span><\/p>\n<p><span style=\"font-family: Arial, sans-serif;\"><b>Gemeinsam mit dem Musikverein Ensdorf veranstaltet der LIGEKA mit gro\u00dfem Erfolg eine Kappensitzung im Bergmannsheim Ensdorf. Die Sitzungen stehen unter der Leitung von Evi Philippi.\u00a0<\/b><\/span><\/p>\n<p>&nbsp;<\/p>\n<p><span style=\"color: #ff3333;\"><span style=\"font-family: Arial, sans-serif;\"><b>1988\u00a0<\/b><\/span><\/span><\/p>\n<p><span style=\"font-family: Arial, sans-serif;\"><b>Evi Philippi und Erwin Faust leiten die Kappensitzungen wieder gemeinsam.\u00a0<\/b><\/span><\/p>\n<p>&nbsp;<\/p>\n<p><span style=\"color: #ff3333;\"><span style=\"font-family: Arial, sans-serif;\"><b>12. Mai 1988\u00a0<\/b><\/span><\/span><\/p>\n<p><span style=\"font-family: Arial, sans-serif;\"><b>An diesem Datum l\u00e4sst der LIGEKA eine alte Lisdorfer Tradition wieder aufleben. Nach fast 30 Jahren Pause findet wieder eine Theaterauff\u00fchrung statt. &#8222;Mit K\u00fcchenbenutzung&#8220; hei\u00dft der Schwank den die LIGEKAner auf die B\u00fchne bringen.\u00a0<\/b><\/span><\/p>\n<p>&nbsp;<\/p>\n<p><span style=\"color: #ff3333;\"><span style=\"font-family: Arial, sans-serif;\"><b>1991\u00a0<\/b><\/span><\/span><\/p>\n<p><span style=\"font-family: Arial, sans-serif;\"><b>Nach mehr als 10 Jahren legt Werner Beck das Amt des 1. Vors. in j\u00fcngere H\u00e4nde. Erwin Faust wird zum 1. Vorsitzenden gew\u00e4hlt.\u00a0<\/b><\/span><\/p>\n<p>&nbsp;<\/p>\n<p><span style=\"color: #ff3333;\"><span style=\"font-family: Arial, sans-serif;\"><b>1992\u00a0<\/b><\/span><\/span><\/p>\n<p><span style=\"font-family: Arial, sans-serif;\"><b>Die Jahreshauptversammlung ernennt Werner Beck zum Ehren-vorsitzenden.\u00a0<\/b><\/span><\/p>\n<p>&nbsp;<\/p>\n<p><span style=\"color: #ff3333;\"><span style=\"font-family: Arial, sans-serif;\"><b>1994\u00a0<\/b><\/span><\/span><\/p>\n<p><span style=\"font-family: Arial, sans-serif;\"><b>Eduard Algier und Rudolf Germann sen. werden anl\u00e4sslich der &#8222;Golden Hochzeit&#8220; bzw. des 75. Geburtstages zu Ehrenmitgliedern ernannt. Wie auch in den vergangenen Jahren spielt der LIGEKA erfolgreich Theater. Oberb\u00fcrgermeister Richard Nospers mimt eine Dorfpolizisten.\u00a0<\/b><\/span><\/p>\n<p>&nbsp;<\/p>\n<p><span style=\"color: #c00000;\"><span style=\"font-family: Arial, sans-serif;\"><b><span style=\"color: #ff3333;\">1995<\/span>\u00a0<\/b><\/span><\/span><\/p>\n<p><span style=\"font-family: Arial, sans-serif;\"><b>Die Akteure des LIGEKA veranstalten zusammen mit dem F\u00f6rderverein eine Kappensitzung in der Elisabeth Klinik in Saarlouis. Der LIGEKA nimmt seinen Garden und Akteuren an der Einweihung der neuen Mehrzweckhalle in Lisdorf teil. Die Halle erh\u00e4lt auf Anregung des LIGEKA den Namen &#8222;Hans-Welsch-Halle&#8220;.\u00a0<\/b><\/span><\/p>\n<p>&nbsp;<\/p>\n<p><span style=\"color: #ff3333;\"><span style=\"font-family: Arial, sans-serif;\"><b>23. u. 24. Sept\u00a0<\/b><\/span><\/span><\/p>\n<p>&nbsp;<\/p>\n<p><span style=\"font-family: Arial, sans-serif;\"><b>An diesen Tagen finden die Theaterauff\u00fchrung in der neuen Halle statt. Zwei ausverkaufte Veranstaltungen zeigen, dass der LIGEKA mit seinem Umzug in die neue Halle die richtige Entscheidung getroffen hat.\u00a0<\/b><\/span><\/p>\n<p>&nbsp;<\/p>\n<p><span style=\"color: #ff3333;\"><span style=\"font-family: Arial, sans-serif;\"><b>11. November\u00a0<\/b><\/span><\/span><\/p>\n<p><span style=\"font-family: Arial, sans-serif;\"><b>Ebenfalls volles Haus hei\u00dft es als der LIGEKA an diesem Tag mit einer Kappensitzung die Jubil\u00e4umssession er\u00f6ffnet.\u00a0<\/b><\/span><\/p>\n<p>&nbsp;<\/p>\n<p><span style=\"color: #ff3333;\"><span style=\"font-family: Arial, sans-serif;\"><b>1995\/1996\u00a0<\/b><\/span><\/span><\/p>\n<p><span style=\"font-family: Arial, sans-serif;\"><b>Mit vielen erfolgreichen Veranstaltungen veranstaltet der LIGEKA sein Jubil\u00e4um 4 x 11 Jahre LIGEKA\u00a0<\/b><\/span><\/p>\n<p>&nbsp;<\/p>\n<p>&nbsp;<\/p>\n<p><span style=\"color: #ff3333;\"><span style=\"font-family: Arial, sans-serif;\"><b>1999\/2000\u00a0<\/b><\/span><\/span><\/p>\n<p><span style=\"font-family: Arial, sans-serif;\"><b>Mit dem Lisdorfer Dreigem\u00fcs hat der LIGEKA erstmals auch seine Regenten. Stefan M\u00fcller als Pourett, Claudia Faust als Bettsaichert und Robin Germann als Wurzel er\u00f6ffnen die neue Karnevalssession. Leider muss Stefan M\u00fcller Anfang 2000 aus beruflichen Gr\u00fcnden die Rolle als Pourett niederlegen. Markus Naumann \u00fcbernimmt diesen Part und vertritt als als Pourett mit Bettsaichert und Wurzel als Lisdorfer Dreigem\u00fcs den Verein auf vielen Veranstaltungen im gesamten Stadtgebiet.\u00a0<\/b><\/span><\/p>\n<p><strong><span style=\"color: #ff3333;\"><span style=\"font-family: Arial, sans-serif;\"><b>2001 <\/b><\/span><\/span><\/strong><\/p>\n<p><strong><span style=\"font-family: Arial, sans-serif;\"><b>Erwin Faust gibt da Amt des 1. Vorsitzenden an Bernd Hawner weiter.<\/b><\/span><\/strong><\/p>\n<p><strong><span style=\"font-family: Arial, sans-serif;\"><b>Anstelle einer traditionellen Sessionser\u00f6ffnung findet im November erstmals unsere \u201eFesta Italiana\u201c statt. Bei Livemusik der Gruppe \u201eRemax\u201c und italienischen Speisen und Weinen wurde es eine tolle Veranstaltung, die \u00fcber Jahre erfolgreich war.<\/b><\/span><\/strong><\/p>\n<p><strong><span style=\"color: #ff3333;\"><span style=\"font-family: Arial, sans-serif;\"><b>2003 <\/b><\/span><\/span><\/strong><\/p>\n<p><strong><span style=\"font-family: Arial, sans-serif;\"><b>Der Ligeka beteiligt sich mit einem Essensstand am ersten Lisdorfer Tag \u201eAlles im gr\u00fcnen Bereich\u201c<\/b><\/span><\/strong><\/p>\n<p><strong><span style=\"color: #ff3333;\"><span style=\"font-family: Arial, sans-serif;\"><b>2005 <\/b><\/span><\/span><\/strong><\/p>\n<p><strong><span style=\"font-family: Arial, sans-serif;\"><b>Es entsteht eine Partnerschaft mit der Pecher Dorfb\u00fchne und wir besuchen uns gegenseitig bei den jeweiligen Theaterauff\u00fchrungen.<\/b><\/span><\/strong><\/p>\n<p><strong><span style=\"color: #ff3333;\"><span style=\"font-family: Arial, sans-serif;\"><b>2007 <\/b><\/span><\/span><\/strong><\/p>\n<p><strong><span style=\"font-family: Arial, sans-serif;\"><b>5X11 Jahre Ligeka<\/b><\/span><\/strong><\/p>\n<p><strong><span style=\"font-family: Arial, sans-serif;\"><b>Die Festschrift wird auf DVD angeboten. Neben Werbung von unseren Partnerfirmen gibt es auch Grussworte von vielen Prominenten Pers\u00f6nlichkeiten.<\/b><\/span><\/strong><\/p>\n<p><strong><span style=\"font-family: Arial, sans-serif;\"><b>Mit einem Festkommers und einem Kirchgang wurde das Jubil\u00e4um geb\u00fchrend gefeiert.<\/b><\/span><\/strong><\/p>\n<p><strong><span style=\"font-family: Arial, sans-serif;\"><b>In einer tollen Kulisse wurde die Jubil\u00e4umskappensitzung unter dem Motto \u201eVariete\u201cgefeiert.<\/b><\/span><\/strong><\/p>\n<p><strong><span style=\"color: #ff3333;\"><span style=\"font-family: Arial, sans-serif;\"><b>2010 <\/b><\/span><\/span><\/strong><\/p>\n<p><strong><span style=\"font-family: Arial, sans-serif;\"><b>Mit einem grandiosen B\u00fchnenbild ging die diesj\u00e4hrige Kappensitzung \u00fcber die B\u00fchne.<\/b><\/span><\/strong><\/p>\n<p><strong><span style=\"font-family: Arial, sans-serif;\"><b>Ein Piratenschiff mit Namen \u201eSchessneckels Gret\u201c trotzte allen St\u00fcrmen.<\/b><\/span><\/strong><\/p>\n<p><strong><span style=\"font-family: Arial, sans-serif;\"><b>Erstmals spielte die neu gegr\u00fcndete Ligeka Hausband und sorgte f\u00fcr gute Stimmung.<\/b><\/span><\/strong><\/p>\n<p><strong><span style=\"font-family: Arial, sans-serif;\"><b>Im Juli fand zum ersten mal das von der Ligeka ins Leben gerufene \u201e Lisdorfer Brunnenfest\u201c statt. Auf dem sch\u00f6n gestalteten Dorfplatz gab es Livemusik von der Ligeka Band \u201eThe Badsaicha.\u201c F\u00fcr Essen und Trinken war gesorgt und das Fest wurde so gut von den Lisdorfern angenommen, dass man beschloss es zu wiederholen.<\/b><\/span><\/strong><\/p>\n<p><strong><span style=\"color: #ff3333;\"><span style=\"font-family: Arial, sans-serif;\"><b>2011 <\/b><\/span><\/span><\/strong><\/p>\n<p><strong><span style=\"font-family: Arial, sans-serif;\"><b>Der Ligeka nimmt am Umzug anl\u00e4sslich der 1100 Jahr Feier von Lisdorf teil.<\/b><\/span><\/strong><\/p>\n<p><strong><span style=\"font-family: Arial, sans-serif;\"><b>Mit dem \u201e Dillenschass,\u201ceinem alten Marktschiff, wurde gezeigt, wie die Lisdorfer Marktleute fr\u00fcher auf der Saar ihr Gem\u00fcse nach Saarbr\u00fccken zum Markt brachten.<\/b><\/span><\/strong><\/p>\n<p><strong><span style=\"font-family: Arial, sans-serif;\"><b>Unser 1. Vorsitzender Bernd Hawner hatte die Federf\u00fchrung beim gesamten Wagenbau f\u00fcr den tollen Umzug, der bei herrlichem Wetter im Oktober stattfand.<\/b><\/span><\/strong><\/p>\n<p><strong><span style=\"color: #ff3333;\"><span style=\"font-family: Arial, sans-serif;\"><b>2014 <\/b><\/span><\/span><\/strong><\/p>\n<p><strong><span style=\"font-family: Arial, sans-serif;\"><b>Der Ligeka beschlie\u00dft seine Satzung zu \u00e4ndern und den Antrag auf Gemeinn\u00fctzigkeit zu stellen.<\/b><\/span><\/strong><\/p>\n<p><strong><span style=\"font-family: Arial, sans-serif;\"><b>Diesem Antrag wurde auch wenig sp\u00e4ter statt gegeben.<\/b><\/span><\/strong><\/p>\n<p><strong><span style=\"color: #ff3333;\"><span style=\"font-family: Arial, sans-serif;\"><b>2015 <\/b><\/span><\/span><\/strong><\/p>\n<p><strong><span style=\"font-family: Arial, sans-serif;\"><b>Im Fr\u00fchjahr erh\u00e4lt der Vorstand eine Anfrage von circa 30 T\u00e4nzerinnen und T\u00e4nzer, die gerne als neue Garde dem Verein angeh\u00f6ren w\u00fcrden. Nach reiflicher \u00dcberlegung entschied man sich f\u00fcr diesen Schritt, die Fusion klappte und alle waren zufrieden. Es wurden neue Uniformen angeschafft und die Garde ertanzte sich auf verschiedenen Turnieren Pl\u00e4tze auf dem Treppchen. Das Tanzpaar wurde in dem Jahr Vieze Saarlandmeister.<\/b><\/span><\/strong><\/p>\n<p><strong><span style=\"font-family: Arial, sans-serif;\"><b>Zum ersten mal wurde im September an drei Abenden Theater gespielt. Alle Termine waren gut besucht, so dass man beschloss, bei den drei Auff\u00fchrungen zu bleiben.<\/b><\/span><\/strong><\/p>\n<p><strong><span style=\"color: #ff3333;\"><span style=\"font-family: Arial, sans-serif;\"><b>2016 <\/b><\/span><\/span><\/strong><\/p>\n<p><strong><span style=\"font-family: Arial, sans-serif;\"><b>Der Ligeka nimmt am Festumzug anl\u00e4sslich der Feier \u201e200 Jahre Landkreis Saarlouis\u201c teil.<\/b><\/span><\/strong><\/p>\n<p><strong><span style=\"font-family: Arial, sans-serif;\"><b>Wieder ist unser 1. Vorsitzender federf\u00fchrend beim Wagenbau.<\/b><\/span><\/strong><\/p>\n<p><strong><span style=\"font-family: Arial, sans-serif;\"><b>Ausserdem sorgt der Ligeka mit zwei Getr\u00e4nkest\u00e4nden auf dem Grossen Markt in Saarlouis f\u00fcr das leibliche Wohl der Besucher.<\/b><\/span><\/strong><\/p>\n<p><strong><span style=\"font-family: Arial, sans-serif;\"><b>Im August findet ein Zeltlager f\u00fcr Kinder und Erwachsene in V\u00f6lklingen am Naturfreunde Haus statt.<\/b><\/span><\/strong><\/p>\n<p><strong><span style=\"color: #ff3333;\"><span style=\"font-family: Arial, sans-serif;\"><b>2017 <\/b><\/span><\/span><\/strong><\/p>\n<p><strong><span style=\"font-family: Arial, sans-serif;\"><b>Bei der Kappensitzung am 18. Februar unter dem Motto \u201eGaukler, Magier und Sensationen\u201c \u00fcbertreffen sich unsere B\u00fchnenbauer wieder einmal. Ein Riesenrad mit bunten LEDs beleuchtet dreht sich auf der B\u00fchne.<\/b><\/span><\/strong><\/p>\n<p><a name=\"_GoBack\"><\/a><strong><span style=\"font-family: Arial, sans-serif;\"><b>Anl\u00e4sslich des Jubil\u00e4ums \u201e50 Jahre Saarlouiser Woche\u201c findet am Pfingstsonntag im Theater am Ring eine Mundart Veranstaltung statt. Die Theatergruppe des Ligeka spielt das St\u00fcck \u201e De Kurwel\u201c und erh\u00e4lt daf\u00fcr viel Beifall.<\/b><\/span><\/strong><\/p>\n","protected":false},"excerpt":{"rendered":"<p>Aus der Vereinsgeschichte des LiGeKa 9. M\u00e4rz 1952\u00a0 Erste Besprechung mit dem Ziel in Lisdorf einen Karnevalsverein zu gr\u00fcnden\u00a0 &nbsp; 23. M\u00e4rz 1952\u00a0 Gr\u00fcndungsversammlung\u00a0 14 Personen nehmen an der Versammlung &hellip; <a href=\"https:\/\/ligeka.de\/?page_id=931\" class=\"more-link\"><span class=\"screen-reader-text\">Chronik des LiGeKa<\/span> weiterlesen <span class=\"meta-nav\">&rarr;<\/span><\/a><\/p>\n","protected":false},"author":2,"featured_media":0,"parent":128,"menu_order":0,"comment_status":"closed","ping_status":"closed","template":"","meta":{"footnotes":""},"class_list":["post-931","page","type-page","status-publish","hentry"],"_links":{"self":[{"href":"https:\/\/ligeka.de\/index.php?rest_route=\/wp\/v2\/pages\/931","targetHints":{"allow":["GET"]}}],"collection":[{"href":"https:\/\/ligeka.de\/index.php?rest_route=\/wp\/v2\/pages"}],"about":[{"href":"https:\/\/ligeka.de\/index.php?rest_route=\/wp\/v2\/types\/page"}],"author":[{"embeddable":true,"href":"https:\/\/ligeka.de\/index.php?rest_route=\/wp\/v2\/users\/2"}],"replies":[{"embeddable":true,"href":"https:\/\/ligeka.de\/index.php?rest_route=%2Fwp%2Fv2%2Fcomments&post=931"}],"version-history":[{"count":4,"href":"https:\/\/ligeka.de\/index.php?rest_route=\/wp\/v2\/pages\/931\/revisions"}],"predecessor-version":[{"id":1039,"href":"https:\/\/ligeka.de\/index.php?rest_route=\/wp\/v2\/pages\/931\/revisions\/1039"}],"up":[{"embeddable":true,"href":"https:\/\/ligeka.de\/index.php?rest_route=\/wp\/v2\/pages\/128"}],"wp:attachment":[{"href":"https:\/\/ligeka.de\/index.php?rest_route=%2Fwp%2Fv2%2Fmedia&parent=931"}],"curies":[{"name":"wp","href":"https:\/\/api.w.org\/{rel}","templated":true}]}}